{"id":297,"date":"2020-10-27T13:17:21","date_gmt":"2020-10-27T13:17:21","guid":{"rendered":"http:\/\/www.cjpgalati.ro\/?page_id=297"},"modified":"2026-03-26T14:21:06","modified_gmt":"2026-03-26T12:21:06","slug":"anunturi-importante","status":"publish","type":"page","link":"http:\/\/www.cjpgalati.ro\/index.php\/anunturi-importante\/","title":{"rendered":"Anunturi importante"},"content":{"rendered":"\n<ul>\n<li><a href=\"http:\/\/www.cjpgalati.ro\/index.php\/invitatii-de-participare\/\">Invitatii de participare licitatii publice<\/a><\/li>\n\n\n\n<li><a href=\"http:\/\/www.cjpgalati.ro\/pdf\/adresa_mmftss.pdf\">Sprijin pentru persoanele defavorizate in vederea asigurarii alimentelor de baza\/mese calde<\/a><\/li>\n\n\n\n<li><a href=\"http:\/\/www.cjpgalati.ro\/index.php\/anunt-cu-privire-la-cardurile-sociale-2025\/\">Anunt cu privire la cardurile sociale 2025<\/a><\/li>\n\n\n\n<li><a href=\"http:\/\/www.cjpgalati.ro\/pdf\/inf_arhivatorul.pdf\">INFORMARE privind lista \u00eentreprinderilor a c\u0103ror arhiv\u0103 de carnete de munc\u0103 se afl\u0103 \u00een p\u0103strarea S.C. ARHIVATORUL &#8211; DEPOZITUL ARHIVELE TRANSILVANIA S.R.L.<\/a><\/li>\n\n\n\n<li><a href=\"http:\/\/www.cjpgalati.ro\/pdf\/inf_cass.pdf\">Informare CASS<\/a><\/li>\n\n\n\n<li><a href=\"http:\/\/www.cjpgalati.ro\/index.php\/contributii-sanatate-2025\/\">Contributii sanatate 2025<\/a><\/li>\n\n\n\n<li><a href=\"http:\/\/www.cjpgalati.ro\/pdf\/preciz_sanatate_2025.pdf\">Precizari referitoare la deducerea contributiei de asigurari de sanatate si a impozitului din pensiile al caror cuantum depaseste suma de 3.000 lei<\/a><\/li>\n\n\n\n<li><a href=\"http:\/\/www.cjpgalati.ro\/pdf\/calendar_plati_alocatii_ind_pensii.pdf\">Calendarul pl\u0103\u021bii aloca\u021biilor, indemniza\u021biilor, pensiilor \u0219i altor drepturi sociale \u00een luna iunie<\/a><\/li>\n\n\n\n<li><a href=\"http:\/\/www.cjpgalati.ro\/pdf\/com_lg_buget.pdf\">Preciz\u0103ri cu privire la aplicarea prevederilor Legii nr. 10\/2025 a bugetului asigurarilor sociale de stat pe anul 2025 Legii nr. 277\/2015 privind Codul Fiscal<\/a><\/li>\n\n\n\n<li><a href=\"http:\/\/www.cjpgalati.ro\/pdf\/ajut_deces_2025.pdf\">Preciz\u0103ri referitoare la cuantumul ajutorului de deces pentru anul 2025<\/a><\/li>\n\n\n\n<li><a href=\"http:\/\/www.cjpgalati.ro\/pdf\/inf_cert_viata_16.10.2024.pdf\">Informare privind modificarea termenului de transmitere a certificatelor de viata de catre beneficiarii nerezidenti stabiliti pe teritoriul altor state<\/a><\/li>\n\n\n\n<li><a href=\"http:\/\/www.cjpgalati.ro\/pdf\/mesaj_pensionari.pdf\">1 Octombrie &#8211; Ziua Interna\u021bional\u0103 a Persoanelor V\u00e2rstnice <\/a><\/li>\n\n\n\n<li><a href=\"http:\/\/www.cjpgalati.ro\/pdf\/inf_imp_pensii1.pdf\">Informare privind cresterea pragului de impozitare a pensiilor 10.09.2024<\/a> <\/li>\n\n\n\n<li><a href=\"http:\/\/www.cjpgalati.ro\/pdf\/inf_imp_pensii.pdf\">Informare privind cresterea pragului de impozitare a pensiilor<\/a><\/li>\n\n\n\n<li><a href=\"http:\/\/www.cjpgalati.ro\/pdf\/inf_ind_insotit.pdf\">Informare privind indemnizatia de insotitor<\/a><\/li>\n\n\n\n<li><a href=\"http:\/\/www.cjpgalati.ro\/pdf\/mesaj_pentru_pensionari.pdf\">Mesaj pentru pensionari<\/a><\/li>\n\n\n\n<li><a href=\"http:\/\/www.cjpgalati.ro\/pdf\/informare_pensie_urmasi.pdf\">Informare pensie urmasi<\/a><\/li>\n\n\n\n<li><a href=\"https:\/\/www.facebook.com\/plugins\/video.php?height=314&amp;href=https%3A%2F%2Fwww.facebook.com%2FMinisterul.Muncii.Romania%2Fvideos%2F410337795399961%2F\">Conferin\u021b\u0103 de pres\u0103 despre reforma sistemului public de pensii din Rom\u00e2nia sus\u021binut\u0103 de ministrul Muncii \u0219i Solidarit\u0103\u021bii Sociale, Simona Bucura-Oprescu, secretarul de stat Marius Ilie Stanciu, pre\u0219edintele CNPP, Daniel Baciu<\/a><\/li>\n\n\n\n<li><a href=\"https:\/\/www.facebook.com\/plugins\/post.php?href=https%3A%2F%2Fwww.facebook.com%2FCNPP.ro%2Fposts%2Fpfbid0vgsxTcD2Ha6y5qdJCrMXhta26Z4sjLXBxpoEYbavhi2DUAJKftgicEYiJDDYUFcAl\">Briefing de pres\u0103 sus\u021binut de ministrul Muncii \u0219i Solidarit\u0103\u021bii Sociale, Simona Bucura-Oprescu \u0219i de pre\u0219edintele Casei Na\u021bionale de Pensii Publice, Daniel Baciu<\/a><\/li>\n\n\n\n<li><a href=\"http:\/\/www.cjpgalati.ro\/pdf\/certif_de_viata.pdf\">CERTIFICATE DE VIATA &#8211; in atentia beneficiarilor nerezidenti, stabiliti pe teritoriul altor state, care primesc drepturi de pensie prin Casa Judeteana de Pensii Galati <\/a><\/li>\n\n\n\n<li><a href=\"http:\/\/www.cjpgalati.ro\/pdf\/precizari_lg_360.pdf\">Precizari Lg. 360\/2023<\/a><\/li>\n\n\n\n<li><a rel=\"noreferrer noopener\" href=\"http:\/\/www.cjpgalati.ro\/index.php\/plata-drepturilor-de-pensie-in-cont-bancar\/\" target=\"_blank\">Plata drepturilor de pensie \u00een cont bancar<\/a><\/li>\n\n\n\n<li><a rel=\"noreferrer noopener\" href=\"http:\/\/www.cjpgalati.ro\/pdf\/com_doc_inf.pdf\" target=\"_blank\">In atentia persoanelor care detin cont pe Portalul CNPP si care doresc transmiterea in format electronic a documentului de informare cu privire la plata drepturilor care se achita prin intermediul caselor teritoriale de pensii<\/a><\/li>\n\n\n\n<li><a rel=\"noreferrer noopener\" href=\"http:\/\/www.cjpgalati.ro\/pdf\/lg_360_2023.pdf\" target=\"_blank\">Legea nr 360 privind sisitemul public de pensii<\/a><\/li>\n\n\n\n<li><a rel=\"noreferrer noopener\" href=\"http:\/\/www.cjpgalati.ro\/pdf\/hot_aprob_norm_lg_360_2023.pdf\" target=\"_blank\">Hotarare pentru aprobarea normelor de aplicare a legii 360 din 2023 privind sistemul public de pensii<\/a><\/li>\n\n\n\n<li><a rel=\"noreferrer noopener\" href=\"http:\/\/www.cjpgalati.ro\/pdf\/com_cont_online.pdf\" target=\"_blank\">Comunicat referitor la transmiterea in contul on-line deschis pe portalul C.N.P.P. sau pe email, a documentului de informare cu privire la sumele platite prin intermediul caselor teritoriale de pensii in cont curent sau cont de card<\/a><\/li>\n\n\n\n<li><a href=\"http:\/\/www.cjpgalati.ro\/pdf\/com_contr_2024.pdf\">Comunicat referitor la inregistrarea contractelor de asigurare sociala si incasarea contributiilor de asigurare sociala conform Legii 263\/2010 si OUG 163\/2020 in perioada 3 &#8211; 10 ianuarie 2024 <\/a><\/li>\n\n\n\n<li><a href=\"http:\/\/www.cjpgalati.ro\/pdf\/ajut_fin_oct_2023.pdf\">Precizari referitoare la ajutorul financiar acordat pensionarilor in luna octombrie<\/a><\/li>\n\n\n\n<li><a href=\"http:\/\/www.cjpgalati.ro\/pdf\/adev_pens_urm.pdf\">Adeverintele pentru pensiile de urmas<\/a><\/li>\n\n\n\n<li><a href=\"http:\/\/www.cjpgalati.ro\/pdf\/lg9_2023.pdf\">Informare cu privire la aplicarea Legii nr. 9-2023 pentru modificarea \u0219i completarea O.U.G. nr 41-2016 privind stabilirea unor m\u0103suri de simplificare la nivelul administra\u021biei publice centrale \u0219i pentru modificarea \u0219i completarea unor acte normative<\/a><\/li>\n\n\n\n<li><a href=\"http:\/\/www.cjpgalati.ro\/index.php\/comunicare-oferte-2023\/\">Comunicare oferte 2023<\/a><\/li>\n\n\n\n<li><a rel=\"noreferrer noopener\" href=\"http:\/\/www.cjpgalati.ro\/pdf\/com_rest_sanat.pdf\" target=\"_blank\">Comunicat referitor la restituirea unor contributii de asigurari sociale de sanatate<\/a><\/li>\n\n\n\n<li><a rel=\"noreferrer noopener\" href=\"http:\/\/www.cjpgalati.ro\/pdf\/prec_supl_dec_650_2022.pdf\" target=\"_blank\">Precizari suplimentare referitoare la efectele deciziei nr. 650 din 15 decembrie 2022 a Curtii Constitutionale a Romaniei<\/a><\/li>\n\n\n\n<li><a rel=\"noreferrer noopener\" href=\"http:\/\/www.cjpgalati.ro\/pdf\/lg_369_2022.pdf\" target=\"_blank\">Precizari cu privire la aplicarea prevederilor Legii nr. 369\/2022 a bugetului asigurarilor sociale de stat pe anul 2023<\/a><\/li>\n\n\n\n<li><a rel=\"noreferrer noopener\" href=\"http:\/\/www.cjpgalati.ro\/pdf\/com_ccr650.pdf\" target=\"_blank\">Comunicat referitor la aplicarea Deciziei nr. 650\/2022 a Curtii Constitutionale a Romaniei<\/a><\/li>\n\n\n\n<li><a rel=\"noreferrer noopener\" href=\"http:\/\/www.cjpgalati.ro\/pdf\/apl_oug_168.pdf\" target=\"_blank\">Informare de presa referitor la aplicarea unitara a prevederilor O.U.G. nr. 168<\/a><\/li>\n\n\n\n<li><a rel=\"noreferrer noopener\" href=\"http:\/\/www.cjpgalati.ro\/pdf\/dec_imputare_vidrasc_cristina.pdf\" target=\"_blank\">Decizie de imputare &#8211; Vidrasc Cristina<\/a><\/li>\n\n\n\n<li><a rel=\"noreferrer noopener\" href=\"http:\/\/www.cjpgalati.ro\/pdf\/oug74_2022.pdf\" target=\"_blank\">Comunicat de presa referitor la aplicarea dispozitiilor O.U.G. 74\/2022<\/a><\/li>\n\n\n\n<li><a rel=\"noreferrer noopener\" href=\"http:\/\/www.cjpgalati.ro\/pdf\/com_presa_lg_76.pdf\" target=\"_blank\">Comunicat de presa referitor la aplicarea unitara a prevederilor Legii nr.76<\/a><\/li>\n\n\n\n<li><a href=\"http:\/\/www.cjpgalati.ro\/index.php\/comunicare-oferte\/\">Comunicare oferte<\/a><\/li>\n\n\n\n<li><a rel=\"noreferrer noopener\" href=\"http:\/\/www.cjpgalati.ro\/pdf\/autorecenzare.pdf\" target=\"_blank\">Recensamantul populatiei si locuintelor<\/a><\/li>\n\n\n\n<li><a rel=\"noreferrer noopener\" href=\"http:\/\/www.cjpgalati.ro\/pdf\/com_ind_2022.pdf\" target=\"_blank\">Comunicat referitor la indicatorii utilizati in sistemul public de pensii 2022<\/a><\/li>\n\n\n\n<li><a rel=\"noreferrer noopener\" href=\"http:\/\/www.cjpgalati.ro\/pdf\/masuri_majorari.pdf\" target=\"_blank\">Comunicat masuri majorari de la 1 ianuarie 2022<\/a><\/li>\n\n\n\n<li><a rel=\"noreferrer noopener\" href=\"http:\/\/www.cjpgalati.ro\/pdf\/com_presa_urmas_2021.pdf\" target=\"_blank\">Comunicat cu precizari referitoare la aplicarea prevederilor art.114 alin.2 Legea 263\/2010 (PENSIE URMAS STUDENT)<\/a><\/li>\n\n\n\n<li><a rel=\"noreferrer noopener\" href=\"http:\/\/www.cjpgalati.ro\/pdf\/anunt_colectiv_26072021.pdf\" target=\"_blank\">Anunt colectiv<\/a><a href=\"http:\/\/www.cjpgalati.ro\/pdf\/com_presa_prec_lg168_2021.pdf\"><\/a><\/li>\n\n\n\n<li><a rel=\"noreferrer noopener\" href=\"http:\/\/www.cjpgalati.ro\/pdf\/com_presa_prec_lg168_2021.pdf\" target=\"_blank\">Comunicat presa cu precizari referitoare la aplicarea prevederilor legii nr. 168\/2021<\/a><\/li>\n\n\n\n<li><a rel=\"noreferrer noopener\" href=\"http:\/\/www.cjpgalati.ro\/pdf\/com_presa_prec_lg154_2021.pdf\" target=\"_blank\">Comunicat presa cu precizari referitoare la legea nr. 154\/2021<\/a><\/li>\n\n\n\n<li><a rel=\"noreferrer noopener\" href=\"http:\/\/www.cjpgalati.ro\/pdf\/com_tal_mov.pdf\" target=\"_blank\">Comunicat presa cu precizari referitoare la modalitatea de restituire a taloanelor mov &#8211; neridicate de catre beneficiari<\/a><\/li>\n\n\n\n<li><a rel=\"noreferrer noopener\" href=\"http:\/\/www.cjpgalati.ro\/pdf\/com_presa_12.03.2021.pdf\" target=\"_blank\">Comunicat presa 12.03.2021<\/a><\/li>\n\n\n\n<li><a href=\"http:\/\/www.cjpgalati.ro\/pdf\/com_presa_aj_dec.pdf\">Comunicat presa cu precizari referitoare la acordarea ajutorului de deces\/pensiei de urmas dupa 16.11.2020<\/a><\/li>\n\n\n\n<li><a href=\"http:\/\/www.cjpgalati.ro\/pdf\/com_presa_lg289.pdf\">Comunicat presa cu precizari referitoare la aplicarea prevederilor legii  nr.289\/2000<\/a><\/li>\n\n\n\n<li><a href=\"http:\/\/www.cjpgalati.ro\/index.php\/anunturi-bilete-de-tratament\/\" data-type=\"page\" data-id=\"625\">Anunturi bilete de tratament<\/a><\/li>\n\n\n\n<li><a rel=\"noreferrer noopener\" href=\"http:\/\/www.cjpgalati.ro\/pdf\/com_press_prog_online.pdf\" target=\"_blank\">Comunicat cu referire la serviciul de programari ONLINE\/TELEFONIC in vederea stabilirii vechimii in munca<\/a><\/li>\n\n\n\n<li><a rel=\"noreferrer noopener\" href=\"http:\/\/www.cjpgalati.ro\/pdf\/com_presa_adev_elevi.pdf\" target=\"_blank\">Comunicat presa cu precizari referitoare la aplicarea prevederilor art.114 alin.(2) din legea 263\/2020 (adeverinte elevi\/studenti, beneficiari ai pensiei de urmas)<\/a><\/li>\n\n\n\n<li><a rel=\"noreferrer noopener\" href=\"http:\/\/www.cjpgalati.ro\/pdf\/com_presa_oug163_2020.pdf\" target=\"_blank\">Comunicat presa cu precizari referitoare la aplicarea OUG 163 din 2020<\/a><\/li>\n\n\n\n<li><a rel=\"noreferrer noopener\" href=\"http:\/\/www.cjpgalati.ro\/pdf\/com_presa_lg207_2020.pdf\" target=\"_blank\">Comunicat presa privind reducerea varstei standard de pensionare cu 2 ani, Legea 207 din 18 septembrie 2020<\/a><\/li>\n\n\n\n<li><a rel=\"noreferrer noopener\" href=\"http:\/\/www.cjpgalati.ro\/pdf\/anunt_masti.pdf\" target=\"_blank\">Anunt privind acordarea gratuita de masti de protectie<\/a><\/li>\n\n\n\n<li><a rel=\"noreferrer noopener\" href=\"http:\/\/www.cjpgalati.ro\/pdf\/com_rect_bug.pdf\" target=\"_blank\">Comunicat presa rectificare bugetara<\/a><\/li>\n\n\n\n<li><a rel=\"noreferrer noopener\" href=\"http:\/\/www.cjpgalati.ro\/pdf\/com_com_electr.pdf\" target=\"_blank\">Comunicat privind utilizarea Comunicarii Electronice<\/a><\/li>\n\n\n\n<li><a rel=\"noreferrer noopener\" href=\"http:\/\/www.cjpgalati.ro\/pdf\/elib_adev_stag1.pdf\" target=\"_blank\">Eliberarea adeverintelor de stagiu de cotizare<\/a><\/li>\n\n\n\n<li><a rel=\"noreferrer noopener\" href=\"http:\/\/www.cjpgalati.ro\/pdf\/com_pl_aj_dec.pdf\" target=\"_blank\">Ghid privind plata ajutoarelor de deces<\/a><\/li>\n\n\n\n<li><a rel=\"noreferrer noopener\" href=\"http:\/\/www.cjpgalati.ro\/pdf\/asig_contract_asig.pdf\" target=\"_blank\">Asigurare in baza contractului de asigurare<\/a><\/li>\n\n\n\n<li><a rel=\"noreferrer noopener\" href=\"http:\/\/www.cjpgalati.ro\/pdf\/pl_contrib_asig_soc.pdf\" target=\"_blank\">Plata contributiei de asigurari sociale<\/a><\/li>\n\n\n\n<li><a rel=\"noreferrer noopener\" href=\"http:\/\/www.cjpgalati.ro\/pdf\/ver_cond_pens_contr.pdf\" target=\"_blank\">Verificare conditii de pensie la asiguratii cu contract de asigurare<\/a><\/li>\n\n\n\n<li><a rel=\"noreferrer noopener\" href=\"http:\/\/www.cjpgalati.ro\/pdf\/com_reluare_activ.pdf\" target=\"_blank\">Comunicat de presa referitor la reluarea activitatii de relatii cu publicul<\/a><\/li>\n\n\n\n<li><a rel=\"noreferrer noopener\" href=\"http:\/\/www.cjpgalati.ro\/pdf\/susp_pl_pen_urm.pdf\" target=\"_blank\">Comunicat de presa referitor la suspendarea platii pensiei de urmas<\/a><\/li>\n\n\n\n<li><a rel=\"noreferrer noopener\" href=\"http:\/\/www.cjpgalati.ro\/pdf\/bul_calc.pdf\" target=\"_blank\">Anunt privind solicitarea buletinului de calcul pensie<\/a><\/li>\n\n\n\n<li><a rel=\"noreferrer noopener\" href=\"http:\/\/www.cjpgalati.ro\/pdf\/exp_med_26032020.pdf\" target=\"_blank\">Comunicat de presa referitor la activitatea cabinetelor de expertiza medicala<\/a><\/li>\n\n\n\n<li><a rel=\"noreferrer noopener\" href=\"http:\/\/www.cjpgalati.ro\/pdf\/com_suspend_activ.pdf\" target=\"_blank\">Comunicat de presa referitor la masurile de siguranta medicala in institutiile care gestioneaza sistemul public de pensii<\/a><\/li>\n\n\n\n<li><a href=\"http:\/\/www.cjpgalati.ro\/index.php\/in-atentia-persoanelor-asigurate-in-sistemul-unitar-de-pensii-publice-in-baza-contractului-de-asigurare-sociala\/\" data-type=\"page\" data-id=\"709\">\u00cen aten\u021bia persoanelor asigurate \u00een sistemul unitar de pensii publice \u00een baza Contractului de asigurare social\u0103<\/a><\/li>\n\n\n\n<li><a rel=\"noreferrer noopener\" href=\"http:\/\/www.cjpgalati.ro\/pdf\/com_presa_2020_buget.pdf\" target=\"_blank\">Comunicat de presa privind aplicarea prevederilor Legii nr.6\/2020 a bugetului asigurarilor sociale de stat pe anul 2020<\/a><\/li>\n<\/ul>\n\n\n\n<p><\/p>\n","protected":false},"excerpt":{"rendered":"","protected":false},"author":3,"featured_media":0,"parent":0,"menu_order":0,"comment_status":"closed","ping_status":"closed","template":"","meta":[],"_links":{"self":[{"href":"http:\/\/www.cjpgalati.ro\/index.php\/wp-json\/wp\/v2\/pages\/297"}],"collection":[{"href":"http:\/\/www.cjpgalati.ro\/index.php\/wp-json\/wp\/v2\/pages"}],"about":[{"href":"http:\/\/www.cjpgalati.ro\/index.php\/wp-json\/wp\/v2\/types\/page"}],"author":[{"embeddable":true,"href":"http:\/\/www.cjpgalati.ro\/index.php\/wp-json\/wp\/v2\/users\/3"}],"replies":[{"embeddable":true,"href":"http:\/\/www.cjpgalati.ro\/index.php\/wp-json\/wp\/v2\/comments?post=297"}],"version-history":[{"count":106,"href":"http:\/\/www.cjpgalati.ro\/index.php\/wp-json\/wp\/v2\/pages\/297\/revisions"}],"predecessor-version":[{"id":1908,"href":"http:\/\/www.cjpgalati.ro\/index.php\/wp-json\/wp\/v2\/pages\/297\/revisions\/1908"}],"wp:attachment":[{"href":"http:\/\/www.cjpgalati.ro\/index.php\/wp-json\/wp\/v2\/media?parent=297"}],"curies":[{"name":"wp","href":"https:\/\/api.w.org\/{rel}","templated":true}]}}