{"id":1842,"date":"2025-08-04T13:30:36","date_gmt":"2025-08-04T11:30:36","guid":{"rendered":"http:\/\/www.cjpgalati.ro\/?page_id=1842"},"modified":"2025-08-04T14:38:41","modified_gmt":"2025-08-04T12:38:41","slug":"nerezidenti-ro","status":"publish","type":"page","link":"http:\/\/www.cjpgalati.ro\/index.php\/nerezidenti-ro\/","title":{"rendered":"Nerezidenti RO"},"content":{"rendered":"\n<ul>\n<li>Av\u00e2nd \u00een vedere decizia dumneavoastr\u0103 privind acordarea drepturilor de pensie cuvenite din sistemul public de pensii din Rom\u00e2nia v\u0103 aducem la cuno\u015ftin\u0163\u0103 c\u0103 datora\u0163i, potrivit prevederilor legale din Rom\u00e2nia, contribu\u0163ia lunar\u0103 pentru asigur\u0103rile sociale de s\u0103n\u0103tate.<\/li>\n\n\n\n<li>\u00cen vederea reglement\u0103rii situa\u0163iei dumneavoastr\u0103, v\u0103 rug\u0103m s\u0103 completa\u0163i <a href=\"http:\/\/www.cjpgalati.ro\/pdf\/declaratie_CASS.pdf\">declara\u0163ia<\/a> \u015fi s\u0103 o transmite\u0163i, \u00een cel mai scurt timp posibil, \u00eempreun\u0103 cu eventualele dovezi ale calit\u0103\u0163ii de asigurat, <a href=\"https:\/\/cas.cnas.ro\/casgl\">casei de asigur\u0103ri de s\u0103n\u0103tate Galati<\/a>.<\/li>\n\n\n\n<li>V\u0103 inform\u0103m c\u0103, \u00een conformitate cu prevederile Ordinului pre\u015fedintelui Casei Na\u0163ionale de Pensii Publice \u015fi al pre\u015fedintelui Casei Na\u0163ionale de Asigur\u0103ri de S\u0103n\u0103tate nr. 1.285\/437\/2011 privind re\u0163inerea contribu\u0163iilor la Fondul na\u0163ional unic de asigur\u0103ri sociale de s\u0103n\u0103tate \u00een cazul pensionarilor sistemului public de pensii din Rom\u00e2nia av\u00e2nd re\u0219edin\u021ba sau domiciliul declarat pe teritoriul altui stat, p\u00e2n\u0103 la notificarea de c\u0103tre casa de asigur\u0103ri de s\u0103n\u0103tate competent\u0103 cu privire la exceptarea dumneavoastr\u0103, \u00een baza documentelor pe care urmeaz\u0103 s\u0103 le transmite\u0163i conform paragrafului anterior, de la plata contribu\u0163iilor la Fondul na\u0163ional unic de asigur\u0103ri sociale de s\u0103n\u0103tate, avem obliga\u0163ia de a v\u0103 calcula, de a v\u0103 re\u0163ine \u015fi de a v\u0103 vira contribu\u0163iile lunare de asigur\u0103ri sociale de s\u0103n\u0103tate, \u00een condi\u0163iile prev\u0103zute de lege.<\/li>\n\n\n\n<li><a href=\"http:\/\/www.cjpgalati.ro\/pdf\/declaratie_CASS.pdf\">Model declaratie pe propria raspundere<\/a><\/li>\n<\/ul>\n","protected":false},"excerpt":{"rendered":"","protected":false},"author":3,"featured_media":0,"parent":0,"menu_order":0,"comment_status":"closed","ping_status":"closed","template":"","meta":[],"_links":{"self":[{"href":"http:\/\/www.cjpgalati.ro\/index.php\/wp-json\/wp\/v2\/pages\/1842"}],"collection":[{"href":"http:\/\/www.cjpgalati.ro\/index.php\/wp-json\/wp\/v2\/pages"}],"about":[{"href":"http:\/\/www.cjpgalati.ro\/index.php\/wp-json\/wp\/v2\/types\/page"}],"author":[{"embeddable":true,"href":"http:\/\/www.cjpgalati.ro\/index.php\/wp-json\/wp\/v2\/users\/3"}],"replies":[{"embeddable":true,"href":"http:\/\/www.cjpgalati.ro\/index.php\/wp-json\/wp\/v2\/comments?post=1842"}],"version-history":[{"count":4,"href":"http:\/\/www.cjpgalati.ro\/index.php\/wp-json\/wp\/v2\/pages\/1842\/revisions"}],"predecessor-version":[{"id":1857,"href":"http:\/\/www.cjpgalati.ro\/index.php\/wp-json\/wp\/v2\/pages\/1842\/revisions\/1857"}],"wp:attachment":[{"href":"http:\/\/www.cjpgalati.ro\/index.php\/wp-json\/wp\/v2\/media?parent=1842"}],"curies":[{"name":"wp","href":"https:\/\/api.w.org\/{rel}","templated":true}]}}